{"id":5,"date":"2017-05-16T17:12:53","date_gmt":"2017-05-16T15:12:53","guid":{"rendered":"https:\/\/www.italo-shows.de\/dean-martin-show\/?page_id=5"},"modified":"2019-11-27T16:51:53","modified_gmt":"2019-11-27T15:51:53","slug":"ensemble","status":"publish","type":"page","link":"https:\/\/www.italo-shows.de\/dean-martin-show\/ensemble\/","title":{"rendered":"Das Ensemble"},"content":{"rendered":"<p>[et_pb_section fb_built=&#8220;1&#8243; admin_label=&#8220;section&#8220; _builder_version=&#8220;3.22&#8243;][et_pb_row column_structure=&#8220;1_4,3_4&#8243; admin_label=&#8220;row&#8220; _builder_version=&#8220;3.25&#8243; background_size=&#8220;initial&#8220; background_position=&#8220;top_left&#8220; background_repeat=&#8220;repeat&#8220;][et_pb_column type=&#8220;1_4&#8243; _builder_version=&#8220;3.0.47&#8243; custom_padding=&#8220;|||&#8220; custom_padding__hover=&#8220;|||&#8220;][et_pb_image src=&#8220;https:\/\/www.italo-shows.de\/dean-martin-show\/wp-content\/uploads\/sites\/6\/2017\/05\/darsteller_maniscalco.jpg&#8220; alt=&#8220;Claudio Maniscalco&#8220; title_text=&#8220;Claudio Maniscalco&#8220; align_tablet=&#8220;center&#8220; align_phone=&#8220;&#8220; align_last_edited=&#8220;on|desktop&#8220; admin_label=&#8220;Bild Maniscalco&#8220; _builder_version=&#8220;3.23&#8243; animation_style=&#8220;slide&#8220; animation_direction=&#8220;left&#8220; animation_duration=&#8220;500ms&#8220; animation_intensity_slide=&#8220;10%&#8220; animation=&#8220;left&#8220; sticky=&#8220;off&#8220; use_border_color=&#8220;off&#8220; border_color=&#8220;#ffffff&#8220; border_style=&#8220;solid&#8220;]<br \/>\n[\/et_pb_image][\/et_pb_column][et_pb_column type=&#8220;3_4&#8243; _builder_version=&#8220;3.0.47&#8243; custom_padding=&#8220;|||&#8220; custom_padding__hover=&#8220;|||&#8220;][et_pb_text admin_label=&#8220;Vita Maniscalco&#8220; module_class=&#8220;hauptlinks&#8220; _builder_version=&#8220;3.27.4&#8243; background_size=&#8220;initial&#8220; background_position=&#8220;top_left&#8220; background_repeat=&#8220;repeat&#8220; use_border_color=&#8220;off&#8220; border_color=&#8220;#ffffff&#8220; border_style=&#8220;solid&#8220;]<\/p>\n<h2><strong>&#8222;Claudio Maniscalco<\/strong> singt Dean Martin Songs<\/h2>\n<p>Der mehrfach ausgezeichnete und vielseitige K\u00fcnstler ist seit 35 Jahren unerm\u00fcdlich in der Branche erfolgreich aktiv, spielte hunderte Hauptrollen in Kom\u00f6dien, Musicals am Theater. Er ist der Macher von vielen beliebten und preisgekr\u00f6nten Shows und Musicals wie u.a.: \u201eLa Famiglia\u201c, \u201eDean Martin Show\u201c, \u201eCarusello Italiano\u201c , Oh Dio Mio.<\/p>\n<p><strong>Ihn kennt man aus \u00fcber 100 Fernsehfilmen <\/strong>unter anderem aus\u00a0Eurocops oder dem Tatort, aus Serien wie \u201eGZSZ\u201c, oder \u201eIn aller Freundschaft\u201c. Zu seinen Filmpartnern z\u00e4hlen<strong> Suzanne von Borsody, Senta Berger, Nadja Tiller, Hannelore Elsner, Jan Josef Liefers<\/strong>. International im Kino agierte er an der Seite von <strong>Matt Damon<\/strong> in den Kinofilmen \u201eBourne Supremacy\u201c oder in der \u201eUnendlichen Geschichte 2\u201c als Lavaman.<\/p>\n<p>Er ist der 1. Preistr\u00e4ger\u00a0f\u00fcr Musical, Chanson &amp; Song bei Deutschlands renommiertesten gr\u00f6\u00dften \u201eBundeswettbewerb Gesang\u201c, au\u00dferdem \u201eG\u00fcnther Neumann Preis Tr\u00e4ger\u201c. F\u00fcr seine Darstellung als Roy Black erhielt er sogar eine <strong>&#8222;Goldene Henne&#8220;.<\/strong> Seine Dean Martin Show wurde 2017 f\u00fcr ihre Beliebtheit von den Lesern vom Berliner Sonntagsblatt ausgezeichnet!<\/p>\n<p>In Berlin agiert er zus\u00e4tzlich in der <strong>La Famiglia Show, <\/strong>dann\u00a0mit einem\u00a0<strong>Charles Aznavour <\/strong>Konzert\u00a0beim Kulturvolk der\u00a0<b>Freien Volksb\u00fchne\u00a0 <\/b>und im\u00a0Variet\u00e9-Musical &#8222;Pinocchio im<b> Berliner Wintergarten. <\/b>Parallel ist er au\u00dferdem\u00a0 im<strong> Boulevardtheater in Dresden<\/strong> in dem Musical &#8222;BAROCK ME, Gr\u00e4fin Cosel zu erleben!\u00a0<\/p>\n<p>Mehr \u00fcber seine Biografie auf <a href=\"http:\/\/de.wikipedia.org\/wiki\/Claudio_Maniscalco\" target=\"_blank\" rel=\"noopener noreferrer\">Wikipedia<\/a> und <a href=\"http:\/\/www.claudio-maniscalco-entertainment.de\" target=\"_blank\" rel=\"noopener noreferrer\">claudio-maniscalco-entertainment.de<\/a><\/p>\n<p>[\/et_pb_text][\/et_pb_column][\/et_pb_row][et_pb_row column_structure=&#8220;1_4,3_4&#8243; admin_label=&#8220;row&#8220; _builder_version=&#8220;3.25&#8243; background_size=&#8220;initial&#8220; background_position=&#8220;top_left&#8220; background_repeat=&#8220;repeat&#8220;][et_pb_column type=&#8220;1_4&#8243; _builder_version=&#8220;3.0.47&#8243; custom_padding=&#8220;|||&#8220; custom_padding__hover=&#8220;|||&#8220;][et_pb_image src=&#8220;https:\/\/www.italo-shows.de\/dean-martin-show\/wp-content\/uploads\/sites\/6\/2017\/05\/musiker_bijan.jpg&#8220; alt=&#8220;Bijan Azadian&#8220; title_text=&#8220;Bijan Azadian&#8220; align_tablet=&#8220;center&#8220; align_phone=&#8220;&#8220; align_last_edited=&#8220;on|desktop&#8220; admin_label=&#8220;Bild Bijan&#8220; _builder_version=&#8220;3.23&#8243; animation_style=&#8220;slide&#8220; animation_direction=&#8220;left&#8220; animation_duration=&#8220;500ms&#8220; animation_intensity_slide=&#8220;10%&#8220; animation=&#8220;left&#8220; sticky=&#8220;off&#8220; use_border_color=&#8220;off&#8220; border_color=&#8220;#ffffff&#8220; border_style=&#8220;solid&#8220;]<br \/>\n[\/et_pb_image][\/et_pb_column][et_pb_column type=&#8220;3_4&#8243; _builder_version=&#8220;3.0.47&#8243; custom_padding=&#8220;|||&#8220; custom_padding__hover=&#8220;|||&#8220;][et_pb_text admin_label=&#8220;Vita Bijan&#8220; module_class=&#8220;hauptlinks&#8220; _builder_version=&#8220;3.27.4&#8243; background_size=&#8220;initial&#8220; background_position=&#8220;top_left&#8220; background_repeat=&#8220;repeat&#8220; use_border_color=&#8220;off&#8220; border_color=&#8220;#ffffff&#8220; border_style=&#8220;solid&#8220;]<\/p>\n<h2><strong>Bijan Azadian<\/strong> am Fl\u00fcgel und musikalsiche Leitung<\/h2>\n<p>Studierte hat er an der Universit\u00e4t der K\u00fcnste Berlin Musikp\u00e4dagogik. Seine Engagements f\u00fchrten ihn schon um die halbe Welt mit zahlreichen Tourneen durch die USA, Kanada, Frankreich, Schweiz, Niederlande und Deutschland. Er arbeitet als Musiker, Arrangeur und Komponist (u.a. f\u00fcr das Maxim-Gorki-Theater Berlin) und unterrichtet an der Ecole de Musique de Berlin sowie der Universit\u00e4t der K\u00fcnste.<\/p>\n<p>Ausgezeichnet wurde er (u.a.) mit dem <strong>Pianisten-Preis<\/strong> beim Bundeswettbewerb Gesang 2015.\u00a0<\/p>\n<p><strong>In der neuen Saison 2019\/20 \u00fcbernimmt er die musikalische NEU Einstudierung und Aufbereitung der Show.\u00a0<\/strong>Mehr \u00fcber seine Biografie auf <a href=\"https:\/\/de.wikipedia.org\/wiki\/Bijan_Azadian\" target=\"_blank\" rel=\"noopener noreferrer\">Wikipedia<\/a><\/p>\n<p>[\/et_pb_text][\/et_pb_column][\/et_pb_row][et_pb_row column_structure=&#8220;1_4,3_4&#8243; disabled_on=&#8220;on|on|on&#8220; admin_label=&#8220;row&#8220; _builder_version=&#8220;3.26.3&#8243; background_size=&#8220;initial&#8220; background_position=&#8220;top_left&#8220; background_repeat=&#8220;repeat&#8220; z_index_tablet=&#8220;500&#8243; box_shadow_horizontal_tablet=&#8220;0px&#8220; box_shadow_vertical_tablet=&#8220;0px&#8220; box_shadow_blur_tablet=&#8220;40px&#8220; box_shadow_spread_tablet=&#8220;0px&#8220; disabled=&#8220;on&#8220;][et_pb_column type=&#8220;1_4&#8243; _builder_version=&#8220;3.0.47&#8243; custom_padding=&#8220;|||&#8220; custom_padding__hover=&#8220;|||&#8220;][et_pb_image src=&#8220;https:\/\/www.italo-shows.de\/dean-martin-show\/wp-content\/uploads\/sites\/6\/2017\/05\/musiker_tobias.jpg&#8220; alt=&#8220;Tobias Bartholme\u00df&#8220; title_text=&#8220;Tobias Bartholme\u00df&#8220; align_tablet=&#8220;center&#8220; align_phone=&#8220;&#8220; align_last_edited=&#8220;on|desktop&#8220; admin_label=&#8220;Bild Tobias&#8220; _builder_version=&#8220;3.23&#8243; animation_style=&#8220;slide&#8220; animation_direction=&#8220;left&#8220; animation_duration=&#8220;500ms&#8220; animation_intensity_slide=&#8220;10%&#8220; animation=&#8220;left&#8220; sticky=&#8220;off&#8220; use_border_color=&#8220;off&#8220; border_color=&#8220;#ffffff&#8220; border_style=&#8220;solid&#8220;]<br \/>\n[\/et_pb_image][\/et_pb_column][et_pb_column type=&#8220;3_4&#8243; _builder_version=&#8220;3.0.47&#8243; custom_padding=&#8220;|||&#8220; custom_padding__hover=&#8220;|||&#8220;][et_pb_text admin_label=&#8220;Vita Tobias&#8220; _builder_version=&#8220;3.27.4&#8243; background_size=&#8220;initial&#8220; background_position=&#8220;top_left&#8220; background_repeat=&#8220;repeat&#8220; use_border_color=&#8220;off&#8220; border_color=&#8220;#ffffff&#8220; border_style=&#8220;solid&#8220;]<\/p>\n<h2><strong>Tobias Bartholme\u00df<\/strong> begleitet am Fl\u00fcgel<\/h2>\n<p>Studiert hat er an der Universit\u00e4t der K\u00fcnste. Dort ist er Lehrbeauftragter f\u00fcr Korrepetition im Studiengang Musical\/Show. Er spielte oft in der Neuk\u00f6llner Oper in zahlreichen Musicals oder im Theater des Westens \u201eTanz der Vampire\u201c, \u201eIch war noch niemals in New York\u201c, im Schlossparktheater \u201eNonnsens\u201c. Als Arrangeur war er t\u00e4tig in \u201eIkarus\u201c, \u201eDas kalte Herz\u201c, \u201eMenschenfeind\u201c oder bei Film und Fernsehen \u201eVom Suchen und Finden der Liebe\u201c, R.: Helmut Dietl.<\/p>\n<p>Mit Claudio Maniscalco hat sich \u00fcber die Jahre eine intensive Zusammenarbeit entwickelt. H\u00e4ufig ist er in \u201eLa Famiglia\u201c sowie in der \u201eDean Martin Show\u201c zu erleben.<\/p>\n<p>[\/et_pb_text][\/et_pb_column][\/et_pb_row][et_pb_row column_structure=&#8220;1_4,3_4&#8243; admin_label=&#8220;row&#8220; _builder_version=&#8220;3.25&#8243; background_size=&#8220;initial&#8220; background_position=&#8220;top_left&#8220; background_repeat=&#8220;repeat&#8220;][et_pb_column type=&#8220;1_4&#8243; _builder_version=&#8220;3.0.47&#8243; custom_padding=&#8220;|||&#8220; custom_padding__hover=&#8220;|||&#8220;][et_pb_image src=&#8220;https:\/\/www.italo-shows.de\/dean-martin-show\/wp-content\/uploads\/sites\/6\/2019\/03\/cast_Mennicke.jpg&#8220; alt=&#8220;Sandra Mennicke&#8220; title_text=&#8220;Sandra Mennicke&#8220; align_tablet=&#8220;center&#8220; align_phone=&#8220;&#8220; align_last_edited=&#8220;on|desktop&#8220; admin_label=&#8220;Bild Mennicke&#8220; _builder_version=&#8220;3.23&#8243; animation_style=&#8220;slide&#8220; animation_direction=&#8220;left&#8220; animation_duration=&#8220;500ms&#8220; animation_intensity_slide=&#8220;10%&#8220; animation=&#8220;left&#8220; sticky=&#8220;off&#8220; use_border_color=&#8220;off&#8220; border_color=&#8220;#ffffff&#8220; border_style=&#8220;solid&#8220;]<br \/>\n[\/et_pb_image][\/et_pb_column][et_pb_column type=&#8220;3_4&#8243; _builder_version=&#8220;3.0.47&#8243; custom_padding=&#8220;|||&#8220; custom_padding__hover=&#8220;|||&#8220;][et_pb_text admin_label=&#8220;Vita Mennicke&#8220; _builder_version=&#8220;3.27.4&#8243; background_size=&#8220;initial&#8220; background_position=&#8220;top_left&#8220; background_repeat=&#8220;repeat&#8220; use_border_color=&#8220;off&#8220; border_color=&#8220;#ffffff&#8220; border_style=&#8220;solid&#8220;]<\/p>\n<h2>Sandra Mennicke<\/h2>\n<p>Sie begann ihre musikalische Karriere bereits im Alter von 6 Jahren mit Keyboardunterricht, Ballett und Jazzdance. In der Schulzeit kam Gesangs- und Klavierunterricht dazu.<\/p>\n<p>Professionell studierte sie sp\u00e4ter an der <strong>Universit\u00e4t der K\u00fcnste Berlin<\/strong> das \u201eLehramt Musik\u201c f\u00fcr Rock\/Pop\/Jazz Gesang das sie 2015 erfolgreich zum Masterabschluss brachte. Gesangsunterricht erhielt sie von Michael Dixon und Caroline McPherson. Diverse Schauspiel- und Musical Workshops absolvierte sie (u.a.) an der Stage School in Hamburg. Au\u00dferdem spielt sie Klavier, Gitarre und Schlagzeug.<\/p>\n<p>Als <strong>Backgrounds\u00e4ngerin<\/strong> sammelte sie erste B\u00fchnenerfahrungen bei der <strong>Veronika Fischer Weihnachtstour<\/strong>. Im Berliner Atze Musiktheater bezauberte sie als \u201eGretchen\u201c. In der Ufa-Fabrik im Musical \u201eAnyone Can Whistle\u201c oder in \u201eGrey Gardens\u201c und \u201eGypsy\u201c stach sie aus dem Ensemble hervor. Beim \u201e<strong>Der Gl\u00f6ckner von Notre Dame<\/strong>\u201c im <strong>Theater des Westens<\/strong> Berlin sang sie im Chor. Regelm\u00e4\u00dfig agierte sie in verschiedenen Vokal-Ensembles und Bands.<\/p>\n<p>Als Schauspielerin agierte sie in diversen Filmproduktionen und war auch schon in der popul\u00e4ren RTL-Soap \u201e<strong>Gute Zeiten Schlechte Zeiten<\/strong>\u201c zu sehen.\u00a0 Als S\u00e4ngerin der Blue Baba Swing Band ist sie regelm\u00e4\u00dfig deutschlandweit und auf Berliner B\u00fchnen, wie dem ber\u00fchmten Musik- &amp; Jazzclub B-Flat, unterwegs.<\/p>\n<p>Parallel zu unserer Dean Martin Show begeistert sie aktuell in der jungen frechen Show-Lounge dem\u00a0 \u201eKnutschfleck \u201c in Berlins Mitte.<\/p>\n<p>[\/et_pb_text][\/et_pb_column][\/et_pb_row][et_pb_row column_structure=&#8220;1_4,3_4&#8243; admin_label=&#8220;row&#8220; _builder_version=&#8220;3.25&#8243; background_size=&#8220;initial&#8220; background_position=&#8220;top_left&#8220; background_repeat=&#8220;repeat&#8220;][et_pb_column type=&#8220;1_4&#8243; _builder_version=&#8220;3.0.47&#8243; custom_padding=&#8220;|||&#8220; custom_padding__hover=&#8220;|||&#8220;][et_pb_image src=&#8220;https:\/\/www.italo-shows.de\/dean-martin-show\/wp-content\/uploads\/sites\/6\/2019\/03\/cast_cburian.jpg&#8220; alt=&#8220;Christina Burian&#8220; title_text=&#8220;Christina Burian&#8220; align_tablet=&#8220;center&#8220; align_phone=&#8220;&#8220; align_last_edited=&#8220;on|desktop&#8220; admin_label=&#8220;Bild Burian&#8220; _builder_version=&#8220;3.23&#8243; animation_style=&#8220;slide&#8220; animation_direction=&#8220;left&#8220; animation_duration=&#8220;500ms&#8220; animation_intensity_slide=&#8220;10%&#8220; animation=&#8220;left&#8220; sticky=&#8220;off&#8220; use_border_color=&#8220;off&#8220; border_color=&#8220;#ffffff&#8220; border_style=&#8220;solid&#8220;]<br \/>\n[\/et_pb_image][\/et_pb_column][et_pb_column type=&#8220;3_4&#8243; _builder_version=&#8220;3.0.47&#8243; custom_padding=&#8220;|||&#8220; custom_padding__hover=&#8220;|||&#8220;][et_pb_text admin_label=&#8220;Vita Burian&#8220; _builder_version=&#8220;3.27.4&#8243; background_size=&#8220;initial&#8220; background_position=&#8220;top_left&#8220; background_repeat=&#8220;repeat&#8220; use_border_color=&#8220;off&#8220; border_color=&#8220;#ffffff&#8220; border_style=&#8220;solid&#8220;]<\/p>\n<h2>Christina Burian<\/h2>\n<p>Sie kommt aus einer musikalischen Familie. Schon die Mutter sang im klassischen Chor und der Vater in einer Punkband. Die musikalische Vielfalt, mit der Christina aufw\u00e4chst, pr\u00e4gt sie bis heute. So begeistert sie sich (u.a.) von Rock \u00fcber Pop bis hin zur Oper. Bereits mit sieben Jahren erlernt sie das Violinen-Spiel. Mit 14 Jahren folgt erster Gesangsunterricht. Ab 2009 studierte sie professionell (u.a.) Musik an der <strong>Universit\u00e4t der K\u00fcnste Berlin<\/strong>. Au\u00dferdem erh\u00e4lt sie Gesang und Stimmbildung bei Caroline McPherson und Daniel Oertel.<\/p>\n<p>Schon fr\u00fch wirkt sie in Bands und Orchestern mit und ihre Engagements sind stets gepr\u00e4gt von unterschiedlichsten Stilistiken. So singt sie nicht nur im Ensemble in Musicals wie \u201eGypsy\u201c oder \u201eGrey Gardens\u201c unter der Leitung von Martin G. Berger. Auch als Solistin begeistert sie ebenfalls (u.a.) bei der <strong>Verleihung des mitteldeutschen Rundfunkpreises<\/strong> in Leipzig.<\/p>\n<p>Sie ist Fronts\u00e4ngerin der Band \u201eDoc Horn &amp;The Hornbabes\u201c. Im Fr\u00fchjahr erschien bereits das dritte Album. Zus\u00e4tzlich spielt sie darin auch Akkordeon, Violine und diverse Perkussionsinstrumente.<\/p>\n<p>Als <strong>Backgrounds\u00e4ngerin<\/strong> ist Christina dar\u00fcber hinaus erfolgreich t\u00e4tig. Sie stand schon mit Jack Baymoore und Ricky Fabian auf der B\u00fchne und ist festes Mitglied als S\u00e4ngerin im <strong>Farin Urlaub Racing Team<\/strong>. Zahlreiche Festival-, Konzert- und Clubtouren der Band f\u00fchren sie dabei quer durch Deutschland, \u00d6sterreich und die Schweiz.<\/p>\n<p>[\/et_pb_text][\/et_pb_column][\/et_pb_row][et_pb_row column_structure=&#8220;1_4,3_4&#8243; admin_label=&#8220;row&#8220; _builder_version=&#8220;3.25&#8243; background_size=&#8220;initial&#8220; background_position=&#8220;top_left&#8220; background_repeat=&#8220;repeat&#8220;][et_pb_column type=&#8220;1_4&#8243; _builder_version=&#8220;3.0.47&#8243; custom_padding=&#8220;|||&#8220; custom_padding__hover=&#8220;|||&#8220;][et_pb_image src=&#8220;https:\/\/www.italo-shows.de\/dean-martin-show\/wp-content\/uploads\/sites\/6\/2019\/08\/cast_nadine.jpg&#8220; alt=&#8220;Nadine A\u00dfmann&#8220; title_text=&#8220;Nadine A\u00dfmann&#8220; align_tablet=&#8220;center&#8220; align_phone=&#8220;&#8220; align_last_edited=&#8220;on|desktop&#8220; admin_label=&#8220;Bild Nadine A\u00dfmann&#8220; _builder_version=&#8220;3.26.3&#8243; animation_style=&#8220;slide&#8220; animation_direction=&#8220;left&#8220; animation_duration=&#8220;500ms&#8220; animation_intensity_slide=&#8220;10%&#8220; z_index_tablet=&#8220;500&#8243; box_shadow_horizontal_tablet=&#8220;0px&#8220; box_shadow_vertical_tablet=&#8220;0px&#8220; box_shadow_blur_tablet=&#8220;40px&#8220; box_shadow_spread_tablet=&#8220;0px&#8220; use_border_color=&#8220;off&#8220;]<br \/>\n[\/et_pb_image][\/et_pb_column][et_pb_column type=&#8220;3_4&#8243; _builder_version=&#8220;3.0.47&#8243; custom_padding=&#8220;|||&#8220; custom_padding__hover=&#8220;|||&#8220;][et_pb_text admin_label=&#8220;Vita Nadine A\u00dfmann&#8220; _builder_version=&#8220;3.27.4&#8243; background_size=&#8220;initial&#8220; background_position=&#8220;top_left&#8220; background_repeat=&#8220;repeat&#8220; z_index_tablet=&#8220;500&#8243; text_text_shadow_horizontal_length_tablet=&#8220;0px&#8220; text_text_shadow_vertical_length_tablet=&#8220;0px&#8220; text_text_shadow_blur_strength_tablet=&#8220;1px&#8220; link_text_shadow_horizontal_length_tablet=&#8220;0px&#8220; link_text_shadow_vertical_length_tablet=&#8220;0px&#8220; link_text_shadow_blur_strength_tablet=&#8220;1px&#8220; ul_text_shadow_horizontal_length_tablet=&#8220;0px&#8220; ul_text_shadow_vertical_length_tablet=&#8220;0px&#8220; ul_text_shadow_blur_strength_tablet=&#8220;1px&#8220; ol_text_shadow_horizontal_length_tablet=&#8220;0px&#8220; ol_text_shadow_vertical_length_tablet=&#8220;0px&#8220; ol_text_shadow_blur_strength_tablet=&#8220;1px&#8220; quote_text_shadow_horizontal_length_tablet=&#8220;0px&#8220; quote_text_shadow_vertical_length_tablet=&#8220;0px&#8220; quote_text_shadow_blur_strength_tablet=&#8220;1px&#8220; header_text_shadow_horizontal_length_tablet=&#8220;0px&#8220; header_text_shadow_vertical_length_tablet=&#8220;0px&#8220; header_text_shadow_blur_strength_tablet=&#8220;1px&#8220; header_2_text_shadow_horizontal_length_tablet=&#8220;0px&#8220; header_2_text_shadow_vertical_length_tablet=&#8220;0px&#8220; header_2_text_shadow_blur_strength_tablet=&#8220;1px&#8220; header_3_text_shadow_horizontal_length_tablet=&#8220;0px&#8220; header_3_text_shadow_vertical_length_tablet=&#8220;0px&#8220; header_3_text_shadow_blur_strength_tablet=&#8220;1px&#8220; header_4_text_shadow_horizontal_length_tablet=&#8220;0px&#8220; header_4_text_shadow_vertical_length_tablet=&#8220;0px&#8220; header_4_text_shadow_blur_strength_tablet=&#8220;1px&#8220; header_5_text_shadow_horizontal_length_tablet=&#8220;0px&#8220; header_5_text_shadow_vertical_length_tablet=&#8220;0px&#8220; header_5_text_shadow_blur_strength_tablet=&#8220;1px&#8220; header_6_text_shadow_horizontal_length_tablet=&#8220;0px&#8220; header_6_text_shadow_vertical_length_tablet=&#8220;0px&#8220; header_6_text_shadow_blur_strength_tablet=&#8220;1px&#8220; box_shadow_horizontal_tablet=&#8220;0px&#8220; box_shadow_vertical_tablet=&#8220;0px&#8220; box_shadow_blur_tablet=&#8220;40px&#8220; box_shadow_spread_tablet=&#8220;0px&#8220; use_border_color=&#8220;off&#8220; border_color=&#8220;#ffffff&#8220; border_style=&#8220;solid&#8220;]<\/p>\n<h2>Nadine A\u00dfmann<\/h2>\n<p>Die geb\u00fcrtige Bremerin steht schon seit ihrer Kindheit mit Gesang, Tanz und Schauspiel auf der B\u00fchne. Bereits im Kinderchor durfte sie sogar beim <strong>Lionel Richie<\/strong> Unicef Konzert im Bremer Weserstadion agieren.\u00a0<span style=\"font-size: 16px\">2012 schloss sie ihr professionelles Musicalstudium an der <strong>Universit\u00e4t der K\u00fcnste in Berlin<\/strong> ab.\u00a0Ihre ersten Engagements f\u00fchrten sie an die Neuk\u00f6llner\u00a0Oper, den Admiralspalast Berlin und das Hans-Otto-Theater in Potsdam.<\/span><\/p>\n<p>Anschlie\u00dfend war sie einige Spielzeiten im Schauspielensemble der Uckerm\u00e4rkischen B\u00fchnen Schwedt. Dort gl\u00e4nzte sie u.a. in Rollen wie: Gretchen in \u201eFaust\u201c, Luise in \u201eKabale und Liebe\u201c, Magenta oder in der \u201eRocky Horror Show\u201c. Zus\u00e4tzlich\u00a0<span style=\"font-size: 16px\">folgten Gastspiel-Engagements am Staatstheater Braunschweig oder bei den Burgfestspielen Bad Vilbel.\u00a0<\/span><\/p>\n<p>F\u00fcr die Urauff\u00fchrung ihrer eigenen Sch\u00f6pfung des Psychothrillers \u201eDie Stille und der Clown\u201c mit dem Theaterklub Schwedt erhielt sie f\u00fcr ihre Regie den Preis f\u00fcr die <strong>\u201eBeste Inszenierung 2015\u201c<\/strong> des F\u00f6rdervereins.<\/p>\n<p>Bis zur letzten Spielzeit geh\u00f6rte sie dem <strong>Schauspielensemble<\/strong> des Theater Plauen-Zwickau an. Herausragende Rollen (u.a.) waren: Isa in \u201eBilder deiner gro\u00dfen Liebe\u201c, Mascha in \u201eDrei Schwestern\u201c, Roxane in \u201eCyrano de Bergerac\u201c oder die Amalia in \u201eDie R\u00e4uber\u201c.<\/p>\n<p>Nach sieben Jahren kehrt sie nun auf die Berliner B\u00fchnen zur\u00fcck. <strong>Gemeinsam mit Claudio Maniscalco<\/strong> agiert sie parallel auch im <strong>Variet\u00e9-Musical \u201e<\/strong>Pinocchio\u201c im <strong>Berliner Wintergarten<\/strong>.<\/p>\n<p>[\/et_pb_text][\/et_pb_column][\/et_pb_row][\/et_pb_section]<\/p>","protected":false},"excerpt":{"rendered":"<p>&#8222;Claudio Maniscalco singt Dean Martin Songs Der mehrfach ausgezeichnete und vielseitige K\u00fcnstler ist seit 35 Jahren unerm\u00fcdlich in der Branche erfolgreich aktiv, spielte hunderte Hauptrollen in Kom\u00f6dien, Musicals am Theater. Er ist der Macher von vielen beliebten und preisgekr\u00f6nten Shows und Musicals wie u.a.: \u201eLa Famiglia\u201c, \u201eDean Martin Show\u201c, \u201eCarusello Italiano\u201c , Oh Dio Mio. [&hellip;]<\/p>\n","protected":false},"author":1,"featured_media":0,"parent":0,"menu_order":0,"comment_status":"closed","ping_status":"closed","template":"","meta":{"_et_pb_use_builder":"on","_et_pb_old_content":"","_et_gb_content_width":"","footnotes":""},"class_list":["post-5","page","type-page","status-publish","hentry"],"_links":{"self":[{"href":"https:\/\/www.italo-shows.de\/dean-martin-show\/wp-json\/wp\/v2\/pages\/5","targetHints":{"allow":["GET"]}}],"collection":[{"href":"https:\/\/www.italo-shows.de\/dean-martin-show\/wp-json\/wp\/v2\/pages"}],"about":[{"href":"https:\/\/www.italo-shows.de\/dean-martin-show\/wp-json\/wp\/v2\/types\/page"}],"author":[{"embeddable":true,"href":"https:\/\/www.italo-shows.de\/dean-martin-show\/wp-json\/wp\/v2\/users\/1"}],"replies":[{"embeddable":true,"href":"https:\/\/www.italo-shows.de\/dean-martin-show\/wp-json\/wp\/v2\/comments?post=5"}],"version-history":[{"count":39,"href":"https:\/\/www.italo-shows.de\/dean-martin-show\/wp-json\/wp\/v2\/pages\/5\/revisions"}],"predecessor-version":[{"id":601,"href":"https:\/\/www.italo-shows.de\/dean-martin-show\/wp-json\/wp\/v2\/pages\/5\/revisions\/601"}],"wp:attachment":[{"href":"https:\/\/www.italo-shows.de\/dean-martin-show\/wp-json\/wp\/v2\/media?parent=5"}],"curies":[{"name":"wp","href":"https:\/\/api.w.org\/{rel}","templated":true}]}}