{"id":198,"date":"2017-05-06T15:54:47","date_gmt":"2017-05-06T13:54:47","guid":{"rendered":"https:\/\/www.italo-shows.de\/la-famiglia\/?page_id=198"},"modified":"2024-01-12T11:52:52","modified_gmt":"2024-01-12T10:52:52","slug":"ensemble","status":"publish","type":"page","link":"https:\/\/www.italo-shows.de\/la-famiglia\/ensemble\/","title":{"rendered":"Das Ensemble"},"content":{"rendered":"<p>[et_pb_section fb_built=&#8220;1&#8243; admin_label=&#8220;section&#8220; module_class=&#8220;hauptlinks&#8220; _builder_version=&#8220;4.16&#8243; global_colors_info=&#8220;{}&#8220;][et_pb_row admin_label=&#8220;row&#8220; _builder_version=&#8220;4.16&#8243; background_size=&#8220;initial&#8220; background_position=&#8220;top_left&#8220; background_repeat=&#8220;repeat&#8220; global_colors_info=&#8220;{}&#8220;][et_pb_column type=&#8220;4_4&#8243; _builder_version=&#8220;4.16&#8243; custom_padding=&#8220;|||&#8220; global_colors_info=&#8220;{}&#8220; custom_padding__hover=&#8220;|||&#8220;][et_pb_cta title=&#8220;I Commedianti&#8220; admin_label=&#8220;Die Darsteller&#8220; _builder_version=&#8220;4.16&#8243; background_color=&#8220;#006600&#8243; background_size=&#8220;initial&#8220; background_position=&#8220;top_left&#8220; background_repeat=&#8220;repeat&#8220; global_colors_info=&#8220;{}&#8220; button_text_size__hover_enabled=&#8220;off&#8220; button_one_text_size__hover_enabled=&#8220;off&#8220; button_two_text_size__hover_enabled=&#8220;off&#8220; button_text_color__hover_enabled=&#8220;off&#8220; button_one_text_color__hover_enabled=&#8220;off&#8220; button_two_text_color__hover_enabled=&#8220;off&#8220; button_border_width__hover_enabled=&#8220;off&#8220; button_one_border_width__hover_enabled=&#8220;off&#8220; button_two_border_width__hover_enabled=&#8220;off&#8220; button_border_color__hover_enabled=&#8220;off&#8220; button_one_border_color__hover_enabled=&#8220;off&#8220; button_two_border_color__hover_enabled=&#8220;off&#8220; button_border_radius__hover_enabled=&#8220;off&#8220; button_one_border_radius__hover_enabled=&#8220;off&#8220; button_two_border_radius__hover_enabled=&#8220;off&#8220; button_letter_spacing__hover_enabled=&#8220;off&#8220; button_one_letter_spacing__hover_enabled=&#8220;off&#8220; button_two_letter_spacing__hover_enabled=&#8220;off&#8220; button_bg_color__hover_enabled=&#8220;off&#8220; button_one_bg_color__hover_enabled=&#8220;off&#8220; button_two_bg_color__hover_enabled=&#8220;off&#8220;]Drei charismatische Protagonisten entf\u00fchren Sie, f\u00fcr zwei Stunden, nach \u201eBella Italia\u201c!<br \/>\nDie rassige Carla wird von <strong>Pascale Camele<\/strong> oder <strong>Cara Ciutan<\/strong> gespielt. Den Papagallo Lucchino gibt <strong>Claudio Maniscalco<\/strong> und der kom\u00f6diantische Deutsche R\u00fcdiger Stutzke wird im Wechsel von <strong>Santiago Ziesmer<\/strong> oder <strong>Henry Nandzik<\/strong> gespielt.<br \/>\nSie spielen und singen sich die Seele aus dem Leib und am Ende steht das Publikum vor Begeisterung.<br \/>\n[\/et_pb_cta][\/et_pb_column][\/et_pb_row][et_pb_row column_structure=&#8220;1_4,3_4&#8243; _builder_version=&#8220;4.16&#8243; background_size=&#8220;initial&#8220; background_position=&#8220;top_left&#8220; background_repeat=&#8220;repeat&#8220; global_colors_info=&#8220;{}&#8220;][et_pb_column type=&#8220;1_4&#8243; _builder_version=&#8220;4.16&#8243; custom_padding=&#8220;|||&#8220; global_colors_info=&#8220;{}&#8220; custom_padding__hover=&#8220;|||&#8220;][et_pb_image src=&#8220;https:\/\/www.italo-shows.de\/la-famiglia\/wp-content\/uploads\/sites\/4\/2017\/05\/darsteller_maniscalco.jpg&#8220; alt=&#8220;Claudio Maniscalco als italienischer Papagallo Lucchino&#8220; title_text=&#8220;Claudio Maniscalco als italienischer Papagallo Lucchino&#8220; align_tablet=&#8220;center&#8220; align_phone=&#8220;center&#8220; align_last_edited=&#8220;on|desktop&#8220; _builder_version=&#8220;4.16&#8243; animation_style=&#8220;slide&#8220; animation_direction=&#8220;left&#8220; animation_duration=&#8220;500ms&#8220; animation_intensity_slide=&#8220;10%&#8220; global_colors_info=&#8220;{}&#8220;][\/et_pb_image][\/et_pb_column][et_pb_column type=&#8220;3_4&#8243; _builder_version=&#8220;4.16&#8243; custom_padding=&#8220;|||&#8220; global_colors_info=&#8220;{}&#8220; custom_padding__hover=&#8220;|||&#8220;][et_pb_text admin_label=&#8220;Maniscalco&#8220; _builder_version=&#8220;4.16&#8243; background_size=&#8220;initial&#8220; background_position=&#8220;top_left&#8220; background_repeat=&#8220;repeat&#8220; global_colors_info=&#8220;{}&#8220;]<\/p>\n<h2>Claudio Maniscalco als italienischer Papagallo Lucchino<\/h2>\n<p>Der mehrfach ausgezeichnete und vielseitige K\u00fcnstler ist seit knapp 40 Jahren unerm\u00fcdlich in der Branche erfolgreich aktiv, spielte hunderte Hauptrollen in Kom\u00f6dien, Musicals und Produktionen am Theater.<\/p>\n<p>Aus fast 100 Fernsehfilmen kennt man ihn u.a. aus &#8222;Eurocops&#8220; oder dem &#8222;Tatort&#8220;, aus Serien wie \u201eGZSZ\u201c, oder \u201eIn aller Freundschaft\u201c. Seine Filmpartner waren u.a. Suzanne von Borsody, Senta Berger, Nadja Tiller, Hannelore Elsner, Jan Josef Liefers. International im Kino agierte er an der Seite von Matt Damon in \u201eBourne Supremacy\u201c oder in der \u201eUnendlichen Geschichte 2\u201c als Lavaman. Live agiert er aktuell in vielen Rollen am Theater. Dort ist er auch Autor und Produzent von vielen beliebten und preisgekr\u00f6nten Shows, Musicals oder musikalischen Kom\u00f6dien wie: &#8222;La Famiglia&#8220;, &#8222;Dean Martin Show&#8220;, &#8220; The Addams Family&#8220; u.v.a.<\/p>\n<p>Er ist 1. Preistr\u00e4ger im \u201eBundeswettbewerb Gesang\u201c f\u00fcr Musical, Chanson und Song . Au\u00dferdem wurde er mit dem \u201eG\u00fcnther Neumann Preis\u201c ausgezeichnet.<\/p>\n<p>Mehr \u00fcber seine Biografie auf <a href=\"http:\/\/de.wikipedia.org\/wiki\/Claudio_Maniscalco\" target=\"_blank\" rel=\"noopener noreferrer\">Wikipedia<\/a><\/p>\n<p>[\/et_pb_text][\/et_pb_column][\/et_pb_row][et_pb_row column_structure=&#8220;1_4,3_4&#8243; _builder_version=&#8220;4.16&#8243; background_size=&#8220;initial&#8220; background_position=&#8220;top_left&#8220; background_repeat=&#8220;repeat&#8220; global_colors_info=&#8220;{}&#8220;][et_pb_column type=&#8220;1_4&#8243; _builder_version=&#8220;4.16&#8243; custom_padding=&#8220;|||&#8220; global_colors_info=&#8220;{}&#8220; custom_padding__hover=&#8220;|||&#8220;][et_pb_image src=&#8220;https:\/\/www.italo-shows.de\/la-famiglia\/wp-content\/uploads\/sites\/4\/2017\/05\/darsteller_camele.jpg&#8220; alt=&#8220;Pascale Camele als Rasseweib Carla&#8220; title_text=&#8220;Pascale Camele als Rasseweib Carla&#8220; align_tablet=&#8220;center&#8220; align_phone=&#8220;center&#8220; align_last_edited=&#8220;on|desktop&#8220; _builder_version=&#8220;4.16&#8243; animation_style=&#8220;slide&#8220; animation_direction=&#8220;left&#8220; animation_duration=&#8220;500ms&#8220; animation_intensity_slide=&#8220;10%&#8220; global_colors_info=&#8220;{}&#8220;][\/et_pb_image][\/et_pb_column][et_pb_column type=&#8220;3_4&#8243; _builder_version=&#8220;4.16&#8243; custom_padding=&#8220;|||&#8220; global_colors_info=&#8220;{}&#8220; custom_padding__hover=&#8220;|||&#8220;][et_pb_text admin_label=&#8220;Pascale&#8220; _builder_version=&#8220;4.16&#8243; background_size=&#8220;initial&#8220; background_position=&#8220;top_left&#8220; background_repeat=&#8220;repeat&#8220; global_colors_info=&#8220;{}&#8220;]<\/p>\n<h2>Pascale Camele als Rasseweib Carla<\/h2>\n<p>Die S\u00e4ngerin begann ihre Karriere im Opernhaus Z\u00fcrich mit Cabaret und deb\u00fctierte als T\u00e4nzerin im Pariser \u201eMoulin Rouge\u201c.<\/p>\n<p>Der gefeierte Musicalstar vom Theater des Westens brillierte (zu Helmut Baumanns Zeiten) in unz\u00e4hligen Musicals wie in \u201eCabaret\u201c als Sally Bowles oder als Scarlett in \u201eEins Zwei Drei\u201c. Ihre bekanntesten B\u00fchnenpartner waren: Christoph Waltz, Leslie Caron, Kessler Zwillinge, Hildegard Knef, Ralph Wolter, Eartha Kitt, Angelika Milster. Mit Claudio Maniscalco agiert sie seit \u00fcber 30 Jahren in zahlreichen Shows und Musicals u.a. in \u201eFOLLIES\u201c, \u201eLa Famiglia\u201c, oder in \u201eViva l\u00b4Amore\u201c.<\/p>\n<p>Von der Royal Academy of Arts wurde Pascale Camele mit dem \u201cElementary\u201c und \u201eIntermediate\u201c ausgezeichnet.<br \/>\n[\/et_pb_text][\/et_pb_column][\/et_pb_row][et_pb_row column_structure=&#8220;1_4,3_4&#8243; _builder_version=&#8220;4.16&#8243; background_size=&#8220;initial&#8220; background_position=&#8220;top_left&#8220; background_repeat=&#8220;repeat&#8220; global_colors_info=&#8220;{}&#8220;][et_pb_column type=&#8220;1_4&#8243; _builder_version=&#8220;4.16&#8243; custom_padding=&#8220;|||&#8220; global_colors_info=&#8220;{}&#8220; custom_padding__hover=&#8220;|||&#8220;][et_pb_image src=&#8220;https:\/\/www.italo-shows.de\/la-famiglia\/wp-content\/uploads\/sites\/4\/2017\/05\/darsteller_ziesmer.jpg&#8220; alt=&#8220;Santiago Ziesmer als R\u00fcdiger Stutzke aus Berlin-Wedding&#8220; title_text=&#8220;Santiago Ziesmer als R\u00fcdiger Stutzke aus Berlin-Wedding&#8220; align_tablet=&#8220;center&#8220; align_phone=&#8220;center&#8220; align_last_edited=&#8220;on|desktop&#8220; _builder_version=&#8220;4.16&#8243; animation_style=&#8220;slide&#8220; animation_direction=&#8220;left&#8220; animation_duration=&#8220;500ms&#8220; animation_intensity_slide=&#8220;10%&#8220; global_colors_info=&#8220;{}&#8220;][\/et_pb_image][\/et_pb_column][et_pb_column type=&#8220;3_4&#8243; _builder_version=&#8220;4.16&#8243; custom_padding=&#8220;|||&#8220; global_colors_info=&#8220;{}&#8220; custom_padding__hover=&#8220;|||&#8220;][et_pb_text admin_label=&#8220;Santiago&#8220; _builder_version=&#8220;4.16&#8243; background_size=&#8220;initial&#8220; background_position=&#8220;top_left&#8220; background_repeat=&#8220;repeat&#8220; global_colors_info=&#8220;{}&#8220;]<\/p>\n<h2>Santiago Ziesmer als R\u00fcdiger Stutzke aus Berlin-Wedding<\/h2>\n<p>Der Schauspieler pr\u00e4gte mit seiner Stimme viele kom\u00f6diantische Figuren wie \u201eSteve Urkle\u201c oder \u201eSpongeBob\u201c. Als \u201eBeste Cartoon Serie\u201c erhielt er den Synchronpreis. Aus dem preisgekr\u00f6nten Film \u201eMozart-Aufzeichnungen einer Jugend\u201c kennt man ihn als Titelfigur, aus der Serie \u201eRivalen der Rennbahn\u201c als Stallburschen \u201eLudger\u201c oder als \u201eProfessor W\u00fcnsch\u201c aus der RTL-Serie \u201eHinter Gittern\u201c. Im \u201eTheater am Kurf\u00fcrstendamm\u201c spielte er in den St\u00fccken \u201eM\u00e4nner\u201c und \u201eMutter Gr\u00e4bert macht Theater\u201c, im Berliner \u201eJedermann\u201c den \u201ed\u00fcnnen Vetter\u201c.<\/p>\n<p>Parallel ist er auch im Schlosspark Theater und regelm\u00e4\u00dfig bei Maniscalco Produktionen wie der La Famiglia Show zu sehen.<\/p>\n<p>Seit vielen Jahren singt er j\u00e4hrlich SpongeBob Musikalben f\u00fcr Sony Music ein. Seine Coverversionen erhielten schon mehrfach Gold.<\/p>\n<p>[\/et_pb_text][\/et_pb_column][\/et_pb_row][et_pb_row column_structure=&#8220;1_4,3_4&#8243; _builder_version=&#8220;4.16&#8243; background_size=&#8220;initial&#8220; background_position=&#8220;top_left&#8220; background_repeat=&#8220;repeat&#8220; global_colors_info=&#8220;{}&#8220;][et_pb_column type=&#8220;1_4&#8243; _builder_version=&#8220;4.16&#8243; custom_padding=&#8220;|||&#8220; global_colors_info=&#8220;{}&#8220; custom_padding__hover=&#8220;|||&#8220;][et_pb_image src=&#8220;https:\/\/www.italo-shows.de\/la-famiglia\/wp-content\/uploads\/sites\/4\/2017\/05\/darsteller_ciutan.jpg&#8220; alt=&#8220;Cara Ciutan als Rasseweib Carla&#8220; title_text=&#8220;Cara Ciutan als Rasseweib Carla&#8220; align_tablet=&#8220;center&#8220; align_phone=&#8220;center&#8220; align_last_edited=&#8220;on|desktop&#8220; _builder_version=&#8220;4.16&#8243; animation_style=&#8220;slide&#8220; animation_direction=&#8220;left&#8220; animation_duration=&#8220;500ms&#8220; animation_intensity_slide=&#8220;10%&#8220; global_colors_info=&#8220;{}&#8220;][\/et_pb_image][\/et_pb_column][et_pb_column type=&#8220;3_4&#8243; _builder_version=&#8220;4.16&#8243; custom_padding=&#8220;|||&#8220; global_colors_info=&#8220;{}&#8220; custom_padding__hover=&#8220;|||&#8220;][et_pb_text admin_label=&#8220;Cara&#8220; _builder_version=&#8220;4.16&#8243; background_size=&#8220;initial&#8220; background_position=&#8220;top_left&#8220; background_repeat=&#8220;repeat&#8220; global_colors_info=&#8220;{}&#8220;]<\/p>\n<h2>Cara Ciutan als Rasseweib Carla<\/h2>\n<p>Die S\u00e4ngerin mit armenischen Wurzeln hatte schon weltweit gefeierte Konzertauftritte in Spanien, Malaysia, Hong Kong, Singapur oder Las Vegas.<\/p>\n<p>Als Schauspielerin ist sie dem Berliner Publikum u.a. bekannt als \u201eAlexandra\u201c aus dem Kieztheater in der \u201eWunderbar\u201c oder aus vielen musikalischen Kom\u00f6dien von Claudio Maniscalco wie \u201eLa Famiglia\u201c oder aus dem Theater \u201eWilde Oscar\u201c. Dort agierte sie als exzentrische \u201eAmara\u201c in \u201eCarusello Italiano\u201c oder als Titel-Figur \u201eDie N\u00e4nnie\u201c. Parallel begeistert sie auch in ihren eigenen Produktionen u.a. wie: \u201eCaramba &#8211; M\u00e4nner, Highheels &amp; andere Laster\u201c. &#8222;Erna &amp; Gerda, zwei Putzfrauen packen aus&#8220;, &#8222;B\u00fcromietzen, eine Vorzimmer Soap&gt;&#8220;.<\/p>\n<p>Ausgezeichnet wurde Cara Ciutan u.a. in Las Vegas mit dem \u201eRumi World Music Awards 2015\u201c f\u00fcr \u201eBestes Entertainment\u201c.<\/p>\n<p>[\/et_pb_text][\/et_pb_column][\/et_pb_row][et_pb_row column_structure=&#8220;1_4,3_4&#8243; _builder_version=&#8220;4.16&#8243; background_size=&#8220;initial&#8220; background_position=&#8220;top_left&#8220; background_repeat=&#8220;repeat&#8220; global_colors_info=&#8220;{}&#8220;][et_pb_column type=&#8220;1_4&#8243; _builder_version=&#8220;4.16&#8243; custom_padding=&#8220;|||&#8220; global_colors_info=&#8220;{}&#8220; custom_padding__hover=&#8220;|||&#8220;][et_pb_image src=&#8220;https:\/\/www.italo-shows.de\/la-famiglia\/wp-content\/uploads\/sites\/4\/2017\/05\/darsteller_nandzik.jpg&#8220; alt=&#8220;Henry Nandzik als R\u00fcdiger Stutzke aus Berlin-Wedding&#8220; title_text=&#8220;Henry Nandzik als R\u00fcdiger Stutzke aus Berlin-Wedding&#8220; align_tablet=&#8220;center&#8220; align_phone=&#8220;center&#8220; align_last_edited=&#8220;on|desktop&#8220; _builder_version=&#8220;4.16&#8243; animation_style=&#8220;slide&#8220; animation_direction=&#8220;left&#8220; animation_duration=&#8220;500ms&#8220; animation_intensity_slide=&#8220;10%&#8220; global_colors_info=&#8220;{}&#8220;][\/et_pb_image][\/et_pb_column][et_pb_column type=&#8220;3_4&#8243; _builder_version=&#8220;4.16&#8243; custom_padding=&#8220;|||&#8220; global_colors_info=&#8220;{}&#8220; custom_padding__hover=&#8220;|||&#8220;][et_pb_text admin_label=&#8220;Henry&#8220; _builder_version=&#8220;4.16&#8243; background_size=&#8220;initial&#8220; background_position=&#8220;top_left&#8220; background_repeat=&#8220;repeat&#8220; global_colors_info=&#8220;{}&#8220;]<\/p>\n<h2>Henry Nandzik als R\u00fcdiger Stutzke aus Berlin-Wedding<\/h2>\n<p>der singende Kom\u00f6diant wurde an der Hans Eisler Schule ausgebildet. Ihn kennt man aus Katja Nottkes Kieztheater als Titel-Figur von &#8222;Karlchens Tante&#8220; oder aktuell aus &#8222;Die N\u00e4nnie&#8220; von Claudio Maniscalco als Butler Buddie.<\/p>\n<p>Im \u201eTheater des Westens\u201c war er in Produktionen zu sehen wie, Piraten, My Fair Lady, Johnny Johnson oder 30-60-90\u00b0. Im ehemaligen Berliner Metropol-Theater spielte er in der \u201eWest Side Story\u201c oder in der \u201eKom\u00f6die am Kurf\u00fcrstendamm\u201c in Molieres \u201eMenschenfeind\u201c.<br \/>\n[\/et_pb_text][\/et_pb_column][\/et_pb_row][\/et_pb_section][et_pb_section fb_built=&#8220;1&#8243; disabled_on=&#8220;on|on|on&#8220; module_class=&#8220;hauptlinks&#8220; _builder_version=&#8220;4.17.6&#8243; disabled=&#8220;on&#8220; global_colors_info=&#8220;{}&#8220;][et_pb_row _builder_version=&#8220;4.16&#8243; background_size=&#8220;initial&#8220; background_position=&#8220;top_left&#8220; background_repeat=&#8220;repeat&#8220; global_colors_info=&#8220;{}&#8220;][et_pb_column type=&#8220;4_4&#8243; _builder_version=&#8220;4.16&#8243; custom_padding=&#8220;|||&#8220; global_colors_info=&#8220;{}&#8220; custom_padding__hover=&#8220;|||&#8220;][et_pb_cta title=&#8220;Orchestrina&#8220; admin_label=&#8220;Die Musiker&#8220; _builder_version=&#8220;4.16&#8243; background_color=&#8220;#006600&#8243; background_size=&#8220;initial&#8220; background_position=&#8220;top_left&#8220; background_repeat=&#8220;repeat&#8220; global_colors_info=&#8220;{}&#8220; button_text_size__hover_enabled=&#8220;off&#8220; button_one_text_size__hover_enabled=&#8220;off&#8220; button_two_text_size__hover_enabled=&#8220;off&#8220; button_text_color__hover_enabled=&#8220;off&#8220; button_one_text_color__hover_enabled=&#8220;off&#8220; button_two_text_color__hover_enabled=&#8220;off&#8220; button_border_width__hover_enabled=&#8220;off&#8220; button_one_border_width__hover_enabled=&#8220;off&#8220; button_two_border_width__hover_enabled=&#8220;off&#8220; button_border_color__hover_enabled=&#8220;off&#8220; button_one_border_color__hover_enabled=&#8220;off&#8220; button_two_border_color__hover_enabled=&#8220;off&#8220; button_border_radius__hover_enabled=&#8220;off&#8220; button_one_border_radius__hover_enabled=&#8220;off&#8220; button_two_border_radius__hover_enabled=&#8220;off&#8220; button_letter_spacing__hover_enabled=&#8220;off&#8220; button_one_letter_spacing__hover_enabled=&#8220;off&#8220; button_two_letter_spacing__hover_enabled=&#8220;off&#8220; button_bg_color__hover_enabled=&#8220;off&#8220; button_one_bg_color__hover_enabled=&#8220;off&#8220; button_two_bg_color__hover_enabled=&#8220;off&#8220;]Das \u201epiccola Orchestra\u201c die Swinging Rossinis sind nicht nur das Salz in der Minestrone, sondern viel mehr der Parmigiano obendrauf, also das Sahneh\u00e4ubchen. Mit ihrem unverwechselbaren musikalischen Kolorit &#8211; vom klassischen Italo-Sound bis hin zum untermalenden Gef\u00fchlsklangteppich &#8211; sorgen sie stets f\u00fcr das besondere Flair.<\/p>\n<p>Jeder einzelne Musiker ist seit Jahren fester Bestandteil der Berliner Musikszene. Die \u201emusikalischen Br\u00fcder\u201c begleiten Claudio Maniscalco schon seit Jahren in vielen Produktionen.<br \/>\n[\/et_pb_cta][\/et_pb_column][\/et_pb_row][et_pb_row column_structure=&#8220;1_4,3_4&#8243; _builder_version=&#8220;4.16&#8243; background_size=&#8220;initial&#8220; background_position=&#8220;top_left&#8220; background_repeat=&#8220;repeat&#8220; global_colors_info=&#8220;{}&#8220;][et_pb_column type=&#8220;1_4&#8243; _builder_version=&#8220;4.16&#8243; custom_padding=&#8220;|||&#8220; global_colors_info=&#8220;{}&#8220; custom_padding__hover=&#8220;|||&#8220;][et_pb_image src=&#8220;https:\/\/www.italo-shows.de\/la-famiglia\/wp-content\/uploads\/sites\/4\/2017\/05\/musiker_tobias.jpg&#8220; alt=&#8220;Tobias Bartholmess &#8211; Piano&#8220; title_text=&#8220;Tobias Bartholmess &#8211; Piano&#8220; align_tablet=&#8220;center&#8220; align_phone=&#8220;center&#8220; align_last_edited=&#8220;on|desktop&#8220; _builder_version=&#8220;4.16&#8243; animation_style=&#8220;slide&#8220; animation_direction=&#8220;left&#8220; animation_duration=&#8220;500ms&#8220; animation_intensity_slide=&#8220;10%&#8220; global_colors_info=&#8220;{}&#8220;][\/et_pb_image][\/et_pb_column][et_pb_column type=&#8220;3_4&#8243; _builder_version=&#8220;4.16&#8243; custom_padding=&#8220;|||&#8220; global_colors_info=&#8220;{}&#8220; custom_padding__hover=&#8220;|||&#8220;][et_pb_text admin_label=&#8220;Tobias&#8220; _builder_version=&#8220;4.16&#8243; background_size=&#8220;initial&#8220; background_position=&#8220;top_left&#8220; background_repeat=&#8220;repeat&#8220; global_colors_info=&#8220;{}&#8220;]<\/p>\n<h2>Tobias Bartholmess als Gian Tassilo Rossini &#8211; PIANO FORTE<\/h2>\n<p>Unser &#8222;Direttore Musicale&#8220; ist unser musikalischer Leiter, wie ein Dompteur h\u00e4lt er das temperamentvolle Ensemble im Zaum. Wenn\u00a0er das Tasteninstrument \u00fcbernimmt, ber\u00fchrt und bewegt er auf sanfte Weise die Herzen der Zuschauer.<\/p>\n<p>Studiert hat er an der Universit\u00e4t der K\u00fcnste. Dort ist er Lehrbeauftragter f\u00fcr Korrepetition im Studiengang Musical\/Show. Er spielte oft in der Neuk\u00f6llner Oper in zahlreichen Musicals oder im Theater des Westens \u201eTanz der Vampire\u201c, \u201eIch war noch niemals in New York\u201c, im Schlossparktheater \u201eNonnsens\u201c. Als Arrangeur war er t\u00e4tig in \u201eIkarus\u201c, \u201eDas kalte Herz\u201c, \u201eMenschenfeind\u201c oder bei Film und Fernsehen \u201eVom Suchen und Finden der Liebe\u201c, R.: Helmut Dietl.<\/p>\n<p>Mit Claudio Maniscalco hat sich \u00fcber die Jahre eine intensive Zusammenarbeit entwickelt. H\u00e4ufig ist er in \u201eLa Famiglia\u201c sowie in der \u201eDean Martin Show\u201c zu erleben.<br \/>\n[\/et_pb_text][\/et_pb_column][\/et_pb_row][et_pb_row column_structure=&#8220;1_4,3_4&#8243; _builder_version=&#8220;4.16&#8243; background_size=&#8220;initial&#8220; background_position=&#8220;top_left&#8220; background_repeat=&#8220;repeat&#8220; global_colors_info=&#8220;{}&#8220;][et_pb_column type=&#8220;1_4&#8243; _builder_version=&#8220;4.16&#8243; custom_padding=&#8220;|||&#8220; global_colors_info=&#8220;{}&#8220; custom_padding__hover=&#8220;|||&#8220;][et_pb_image src=&#8220;https:\/\/www.italo-shows.de\/la-famiglia\/wp-content\/uploads\/sites\/4\/2017\/05\/darsteller_wagner.jpg&#8220; alt=&#8220;Christoph Wagner &#8211; Piano&#8220; title_text=&#8220;Christoph Wagner &#8211; Piano&#8220; align_tablet=&#8220;center&#8220; align_phone=&#8220;center&#8220; align_last_edited=&#8220;on|desktop&#8220; _builder_version=&#8220;4.16&#8243; animation_style=&#8220;slide&#8220; animation_direction=&#8220;left&#8220; animation_duration=&#8220;500ms&#8220; animation_intensity_slide=&#8220;10%&#8220; global_colors_info=&#8220;{}&#8220;][\/et_pb_image][\/et_pb_column][et_pb_column type=&#8220;3_4&#8243; _builder_version=&#8220;4.16&#8243; custom_padding=&#8220;|||&#8220; global_colors_info=&#8220;{}&#8220; custom_padding__hover=&#8220;|||&#8220;][et_pb_text admin_label=&#8220;Christoph&#8220; _builder_version=&#8220;4.16&#8243; background_size=&#8220;initial&#8220; background_position=&#8220;top_left&#8220; background_repeat=&#8220;repeat&#8220; global_colors_info=&#8220;{}&#8220;]<\/p>\n<h2>Christoph Wagner als Gian Christo Rossini &#8211; PIANO FORTE<\/h2>\n<p>Unser &#8222;Maestro&#8220; schrieb die aufwendig-, raffinierten La- Famiglia-Arrangements. Wenn er sich manchmal die Ehre gibt, die Show am Piano zu begleiten, nennt man ihn zurecht, den\u00a0&#8222;Wagner der leichten Muse&#8220;!<\/p>\n<p>Der freischaffende Pianist, Komponist, Chorleiter &amp; Arrangeur ist seit 1993 Korrepetitor an der Berliner Universit\u00e4t der K\u00fcnste im Fachbereich Musical\/ Show. Au\u00dferdem unterrichtet er seit M\u00e4rz 1999 an der Musikschule Kreuzberg-Friedrichshain.<\/p>\n<p>Viele Arrangements entstanden im Herbst 2004 zur Urauff\u00fchrung von \u201eLa Famiglia\u201c bei Pomp Duck &amp; Circumstance in Berlin, sp\u00e4ter f\u00fcr die Konzertshow \u201eViva l`Amore\u201c, \u201eDean Martin Show\u201c oder f\u00fcr Claudio Maniscalcos Comedy Solo \u201eMambo Italiano\u201c.<\/p>\n<p>Immer war es Christoph Wagner wichtig, dass spielerische Leichtigkeit und Originalit\u00e4t sich die Hand geben.<br \/>\n[\/et_pb_text][\/et_pb_column][\/et_pb_row][et_pb_row column_structure=&#8220;1_4,3_4&#8243; _builder_version=&#8220;4.16&#8243; background_size=&#8220;initial&#8220; background_position=&#8220;top_left&#8220; background_repeat=&#8220;repeat&#8220; global_colors_info=&#8220;{}&#8220;][et_pb_column type=&#8220;1_4&#8243; _builder_version=&#8220;4.16&#8243; custom_padding=&#8220;|||&#8220; global_colors_info=&#8220;{}&#8220; custom_padding__hover=&#8220;|||&#8220;][et_pb_image src=&#8220;https:\/\/www.italo-shows.de\/la-famiglia\/wp-content\/uploads\/sites\/4\/2017\/05\/musiker_bijan.jpg&#8220; alt=&#8220;Bijan Azadian &#8211; Piano&#8220; title_text=&#8220;Bijan Azadian &#8211; Piano&#8220; align_tablet=&#8220;center&#8220; align_phone=&#8220;center&#8220; align_last_edited=&#8220;on|desktop&#8220; _builder_version=&#8220;4.16&#8243; animation_style=&#8220;slide&#8220; animation_direction=&#8220;left&#8220; animation_duration=&#8220;500ms&#8220; animation_intensity_slide=&#8220;10%&#8220; global_colors_info=&#8220;{}&#8220;][\/et_pb_image][\/et_pb_column][et_pb_column type=&#8220;3_4&#8243; _builder_version=&#8220;4.16&#8243; custom_padding=&#8220;|||&#8220; global_colors_info=&#8220;{}&#8220; custom_padding__hover=&#8220;|||&#8220;][et_pb_text admin_label=&#8220;Bijan&#8220; _builder_version=&#8220;4.16&#8243; background_size=&#8220;initial&#8220; background_position=&#8220;top_left&#8220; background_repeat=&#8220;repeat&#8220; global_colors_info=&#8220;{}&#8220;]<\/p>\n<h2>Bijan Azadian als Gian Benno Rossini &#8211; PIANO FORTE<\/h2>\n<p>Er ist \u201eil Pulcino\u201c unser\u00a0K\u00fcken und der Neuzuwachs im Ensemble. Der sympatische Ragazzo ist zwar der J\u00fcngste, jedoch beherrscht er (nicht nur) das Piano wie ein alter Hase!<\/p>\n<p>Studierte hat er an der Universit\u00e4t der K\u00fcnste Berlin Musikp\u00e4dagogik. Seine Engagements f\u00fchrten ihn schon um die halbe Welt mit zahlreichen Tourneen durch die USA, Kanada, Frankreich, Schweiz, Niederlande und Deutschland. Er arbeitet als Musiker, Arrangeur und Komponist (u.a. f\u00fcr das Maxim-Gorki-Theater Berlin) und unterrichtet an der Ecole de Musique de Berlin sowie der Universit\u00e4t der K\u00fcnste.<\/p>\n<p>Ausgezeichnet wurde er (u.a.) mit dem Pianisten-Preis beim Bundeswettbewerb Gesang 2015. \u00a0<a href=\"https:\/\/de.wikipedia.org\/wiki\/Bijan_Azadian\" target=\"_blank\" rel=\"noopener noreferrer\">Wikipedia<\/a><br \/>\n[\/et_pb_text][\/et_pb_column][\/et_pb_row][et_pb_row column_structure=&#8220;1_4,3_4&#8243; _builder_version=&#8220;4.16&#8243; background_size=&#8220;initial&#8220; background_position=&#8220;top_left&#8220; background_repeat=&#8220;repeat&#8220; global_colors_info=&#8220;{}&#8220;][et_pb_column type=&#8220;1_4&#8243; _builder_version=&#8220;4.16&#8243; custom_padding=&#8220;|||&#8220; global_colors_info=&#8220;{}&#8220; custom_padding__hover=&#8220;|||&#8220;][et_pb_image src=&#8220;https:\/\/www.italo-shows.de\/la-famiglia\/wp-content\/uploads\/sites\/4\/2017\/05\/musiker_paolo-2.jpg&#8220; alt=&#8220;Paolo Eleodori &#8211; Drums&#8220; title_text=&#8220;Paolo Eleodori &#8211; Drums&#8220; align_tablet=&#8220;center&#8220; align_phone=&#8220;center&#8220; align_last_edited=&#8220;on|desktop&#8220; _builder_version=&#8220;4.16&#8243; animation_style=&#8220;slide&#8220; animation_direction=&#8220;left&#8220; animation_duration=&#8220;500ms&#8220; animation_intensity_slide=&#8220;10%&#8220; global_colors_info=&#8220;{}&#8220;][\/et_pb_image][\/et_pb_column][et_pb_column type=&#8220;3_4&#8243; _builder_version=&#8220;4.16&#8243; custom_padding=&#8220;|||&#8220; global_colors_info=&#8220;{}&#8220; custom_padding__hover=&#8220;|||&#8220;][et_pb_text admin_label=&#8220;Paolo&#8220; _builder_version=&#8220;4.16&#8243; background_size=&#8220;initial&#8220; background_position=&#8220;top_left&#8220; background_repeat=&#8220;repeat&#8220; global_colors_info=&#8220;{}&#8220;]<\/p>\n<h2>Paolo Eleodori als Gian Paolo Rossini &#8211; PERCUSSIONE<\/h2>\n<p>Unser temperamentvoller &#8222;Papagallo&#8220; hat den Rhythmus im Blut, aber niemand spielt einen Walzer so gef\u00fchlvoll und virtuos, das man im 7. Swing-Himmel schwebt.<\/p>\n<p>In Pisa geboren, lebt seit 1988 in Berlin, wo er mit Gruppen unterschiedlicher Stilrichtungen zusammenarbeitet. Sein Repertoire erstreckt sich von Jazz \u00fcber Worldmusic und traditionelle Musik bis Avantgarde.<\/p>\n<p>Er musizierte in zahlreichen Theaterproduktionen und ist Initiator des Jazz-Ensembles Takabanda, mit dem er mehrere CD-Produktionen einspielte. Mit seinem Duo Maori erkundet er gemeinsam mit dem Cellisten Ulrich Maiss neue Klangsph\u00e4ren. Er arbeitete als Studiomusiker f\u00fcr diverse CD-Produktionen.<\/p>\n<p>Regelm\u00e4\u00dfig gastiert er in Italien. Er ist fester Bestandteil diverser Shows von und mit Claudio Maniscalco.<br \/>\n<a href=\"http:\/\/www.paoloeleodori.com\/\" target=\"_blank\" rel=\"noopener noreferrer\">Paolo Eleodori Webseite<\/a><br \/>\n[\/et_pb_text][\/et_pb_column][\/et_pb_row][et_pb_row column_structure=&#8220;1_4,3_4&#8243; _builder_version=&#8220;4.16&#8243; background_size=&#8220;initial&#8220; background_position=&#8220;top_left&#8220; background_repeat=&#8220;repeat&#8220; global_colors_info=&#8220;{}&#8220;][et_pb_column type=&#8220;1_4&#8243; _builder_version=&#8220;4.16&#8243; custom_padding=&#8220;|||&#8220; global_colors_info=&#8220;{}&#8220; custom_padding__hover=&#8220;|||&#8220;][et_pb_image src=&#8220;https:\/\/www.italo-shows.de\/la-famiglia\/wp-content\/uploads\/sites\/4\/2017\/05\/musiker_harald.jpg&#8220; alt=&#8220;Harald Bendzko \u2013 Saxophone&#8220; title_text=&#8220;Harald Bendzko \u2013 Saxophone&#8220; align_tablet=&#8220;center&#8220; align_phone=&#8220;center&#8220; align_last_edited=&#8220;on|desktop&#8220; _builder_version=&#8220;4.16&#8243; animation_style=&#8220;slide&#8220; animation_direction=&#8220;left&#8220; animation_duration=&#8220;500ms&#8220; animation_intensity_slide=&#8220;10%&#8220; global_colors_info=&#8220;{}&#8220;][\/et_pb_image][\/et_pb_column][et_pb_column type=&#8220;3_4&#8243; _builder_version=&#8220;4.16&#8243; custom_padding=&#8220;|||&#8220; global_colors_info=&#8220;{}&#8220; custom_padding__hover=&#8220;|||&#8220;][et_pb_text admin_label=&#8220;Harald&#8220; _builder_version=&#8220;4.16&#8243; background_size=&#8220;initial&#8220; background_position=&#8220;top_left&#8220; background_repeat=&#8220;repeat&#8220; global_colors_info=&#8220;{}&#8220;]<\/p>\n<h2>Harald Bendzko als Gian Luca Rossini \u2013 SAXOFONO\/ CLARINETTO<\/h2>\n<p>Unser \u201ePiccolino\u201c ist mit seiner Klarinette anr\u00fchrend und wird durch sein Saxophon ein ganz \u201eGro\u00dfer\u201c.<\/p>\n<p>Der geb\u00fcrtige Berliner studierte Saxophon an der HDK-Berlin. Er liebt die Vielseitigkeit der Musik und ist in fast allen Musikstilen zu Hause. Mit Orchestern wie \u201eMax Raabe und dem Palast Orchester\u201c, \u201eThe Capital Dance Orchester\u201c und verschiedenen anderen Formationen spielte er zahlreiche CDs ein.<\/p>\n<p>Er tourte durch gro\u00dfe Konzerts\u00e4le auf der ganzen Welt und begleitete viele namhafte K\u00fcnstler. Aber ebenso genie\u00dft er es auch in der kleinen Bar um die Ecke zu musizieren.<\/p>\n<p>Er spielt einfach gerne Klarinette und alle Saxophone, aber f\u00fcr Claudio Maniscalco holt er auch mal die Querfl\u00f6te raus.<br \/>\n[\/et_pb_text][\/et_pb_column][\/et_pb_row][et_pb_row column_structure=&#8220;1_4,3_4&#8243; _builder_version=&#8220;4.16&#8243; background_size=&#8220;initial&#8220; background_position=&#8220;top_left&#8220; background_repeat=&#8220;repeat&#8220; global_colors_info=&#8220;{}&#8220;][et_pb_column type=&#8220;1_4&#8243; _builder_version=&#8220;4.16&#8243; custom_padding=&#8220;|||&#8220; global_colors_info=&#8220;{}&#8220; custom_padding__hover=&#8220;|||&#8220;][et_pb_image src=&#8220;https:\/\/www.italo-shows.de\/la-famiglia\/wp-content\/uploads\/sites\/4\/2017\/05\/musiker_rainer.jpg&#8220; alt=&#8220;Rainer Daniel- Mandoline&#8220; title_text=&#8220;Rainer Daniel- Mandoline&#8220; align_tablet=&#8220;center&#8220; align_phone=&#8220;center&#8220; align_last_edited=&#8220;on|desktop&#8220; _builder_version=&#8220;4.16&#8243; animation_style=&#8220;slide&#8220; animation_direction=&#8220;left&#8220; animation_duration=&#8220;500ms&#8220; animation_intensity_slide=&#8220;10%&#8220; global_colors_info=&#8220;{}&#8220;][\/et_pb_image][\/et_pb_column][et_pb_column type=&#8220;3_4&#8243; _builder_version=&#8220;4.16&#8243; custom_padding=&#8220;|||&#8220; global_colors_info=&#8220;{}&#8220; custom_padding__hover=&#8220;|||&#8220;][et_pb_text admin_label=&#8220;Rainer&#8220; _builder_version=&#8220;4.16&#8243; background_size=&#8220;initial&#8220; background_position=&#8220;top_left&#8220; background_repeat=&#8220;repeat&#8220; global_colors_info=&#8220;{}&#8220;]<\/p>\n<h2>Rainer Daniel als Gian Danilo Rossini &#8211; CHITARRA\/ MANDOLINO<\/h2>\n<p>Unser\u00a0&#8222;Leone&#8220; besticht zun\u00e4chst mit seiner grauen L\u00f6wenm\u00e4hne, doch sanft erweckt\u00a0er beim Zuschauer beim Gitarren- und Mandolinenspiel ungeahnte Gef\u00fchle.<\/p>\n<p>Am Konservatorium Osnabr\u00fcck und an der Musikhochschule Hannover studierte er Gitarre und lebt seit 1985 in Berlin als freiberuflicher Musiker. Er spielte unter anderem bei den \u201eBerlin Blues Brothers\u201c oder war auf Tour mit Nadja Patrick (Support f\u00fcr Roger Chapman) und Jill Morris (Deutschlands Country Lady Nr. 1).<\/p>\n<p>Es folgte u.a. ein Engagement bei \u201eCats\u201c am Berliner Musical Theater f\u00fcr Gitarre und Mandoline. Au\u00dferhalb seiner T\u00e4tigkeit als Instrumentalist schreibt und produziert er Musik f\u00fcr TV- und Pop-Produktionen.<\/p>\n<p>Zurzeit spielt er regelm\u00e4\u00dfig bei \u201eLa Famiglia\u201c oder mit der Rock \u2018n Roll Band \u201eGraceland\u201c.<br \/>\n[\/et_pb_text][\/et_pb_column][\/et_pb_row][et_pb_row column_structure=&#8220;1_4,3_4&#8243; _builder_version=&#8220;4.16&#8243; background_size=&#8220;initial&#8220; background_position=&#8220;top_left&#8220; background_repeat=&#8220;repeat&#8220; global_colors_info=&#8220;{}&#8220;][et_pb_column type=&#8220;1_4&#8243; _builder_version=&#8220;4.16&#8243; custom_padding=&#8220;|||&#8220; global_colors_info=&#8220;{}&#8220; custom_padding__hover=&#8220;|||&#8220;][et_pb_image src=&#8220;https:\/\/www.italo-shows.de\/la-famiglia\/wp-content\/uploads\/sites\/4\/2017\/05\/darsteller_dumkow.jpg&#8220; alt=&#8220;Joerg Dumkow &#8211; Kontrabass&#8220; title_text=&#8220;Joerg Dumkow &#8211; Kontrabass&#8220; align_tablet=&#8220;center&#8220; align_phone=&#8220;center&#8220; align_last_edited=&#8220;on|desktop&#8220; _builder_version=&#8220;4.16&#8243; animation_style=&#8220;slide&#8220; animation_direction=&#8220;left&#8220; animation_duration=&#8220;500ms&#8220; animation_intensity_slide=&#8220;10%&#8220; global_colors_info=&#8220;{}&#8220;][\/et_pb_image][\/et_pb_column][et_pb_column type=&#8220;3_4&#8243; _builder_version=&#8220;4.16&#8243; custom_padding=&#8220;|||&#8220; global_colors_info=&#8220;{}&#8220; custom_padding__hover=&#8220;|||&#8220;][et_pb_text admin_label=&#8220;J\u00f6rg Dumkow&#8220; _builder_version=&#8220;4.16&#8243; background_size=&#8220;initial&#8220; background_position=&#8220;top_left&#8220; background_repeat=&#8220;repeat&#8220; global_colors_info=&#8220;{}&#8220;]<\/p>\n<h2>Joerg Dumkow als Gian Giorgio Rossini &#8211; CONTRABASSO<\/h2>\n<p>Unser &#8222;Divino&#8220; durch seine magischen H\u00e4nde wird der Kontrabass\u00a0zu einer sch\u00f6nen Frau, sanft gef\u00fchlvoll und doch von bet\u00f6rendem Temperament.<\/p>\n<p>Er studierte Musikwissenschaften, klassischen Gesang und Kontrabass. Zahlreiche Engagements in internationalen Tanzorchestern f\u00fchrten ihn quer durch Europa. Viele namhafte K\u00fcnstler begleitete er in seiner Karriere. Projekten wie: \u201eRumba Rudy\u201c oder den \u201eBerlin Blues Brothers\u201c hielt er in seiner Heimatstadt Berlin die Treue. Mit eigenen Projekten ist er in der \u201aSwing\u2018 und \u201aJump\u2018n Jive\u2018 Szene sehr aktiv. Seit 2012 arbeitet er hauptberuflich als Fotograf im Bereich \u201epeople &amp; portrait\u201c. Seine Arbeiten sind Bestandteil internationaler Ausstellungen, B\u00fccher und Ver\u00f6ffentlichungen.<\/p>\n<p>Viele Jahre ist er als Freiberufler am Theater und sehr regelm\u00e4\u00dfig bei \u201eLa Famiglia\u201c.<br \/>\n[\/et_pb_text][\/et_pb_column][\/et_pb_row][\/et_pb_section]<\/p>","protected":false},"excerpt":{"rendered":"<p>Drei charismatische Protagonisten entf\u00fchren Sie, f\u00fcr zwei Stunden, nach \u201eBella Italia\u201c! Die rassige Carla wird von Pascale Camele oder Cara Ciutan gespielt. Den Papagallo Lucchino gibt Claudio Maniscalco und der kom\u00f6diantische Deutsche R\u00fcdiger Stutzke wird im Wechsel von Santiago Ziesmer oder Henry Nandzik gespielt. Sie spielen und singen sich die Seele aus dem Leib und [&hellip;]<\/p>\n","protected":false},"author":1,"featured_media":0,"parent":0,"menu_order":0,"comment_status":"closed","ping_status":"closed","template":"","meta":{"_et_pb_use_builder":"on","_et_pb_old_content":"","_et_gb_content_width":"","footnotes":""},"class_list":["post-198","page","type-page","status-publish","hentry"],"_links":{"self":[{"href":"https:\/\/www.italo-shows.de\/la-famiglia\/wp-json\/wp\/v2\/pages\/198","targetHints":{"allow":["GET"]}}],"collection":[{"href":"https:\/\/www.italo-shows.de\/la-famiglia\/wp-json\/wp\/v2\/pages"}],"about":[{"href":"https:\/\/www.italo-shows.de\/la-famiglia\/wp-json\/wp\/v2\/types\/page"}],"author":[{"embeddable":true,"href":"https:\/\/www.italo-shows.de\/la-famiglia\/wp-json\/wp\/v2\/users\/1"}],"replies":[{"embeddable":true,"href":"https:\/\/www.italo-shows.de\/la-famiglia\/wp-json\/wp\/v2\/comments?post=198"}],"version-history":[{"count":31,"href":"https:\/\/www.italo-shows.de\/la-famiglia\/wp-json\/wp\/v2\/pages\/198\/revisions"}],"predecessor-version":[{"id":1161,"href":"https:\/\/www.italo-shows.de\/la-famiglia\/wp-json\/wp\/v2\/pages\/198\/revisions\/1161"}],"wp:attachment":[{"href":"https:\/\/www.italo-shows.de\/la-famiglia\/wp-json\/wp\/v2\/media?parent=198"}],"curies":[{"name":"wp","href":"https:\/\/api.w.org\/{rel}","templated":true}]}}